{"id":33191,"date":"2025-12-05T14:23:32","date_gmt":"2025-12-05T13:23:32","guid":{"rendered":"https:\/\/www.confianz.be\/?post_type=podcast&#038;p=33191"},"modified":"2025-12-05T14:23:35","modified_gmt":"2025-12-05T13:23:35","slug":"acheter-en-prive-ou-par-lintermediaire-de-la-societe-le-bon-choix-pour-votre-propriete-en-espagne","status":"publish","type":"podcast","link":"https:\/\/www.confianz.be\/fr\/podcast\/prive-kopen-of-via-de-vennootschap-de-juiste-keuze-voor-uw-spaans-vastgoed\/","title":{"rendered":"Acheter \u00e0 titre priv\u00e9 ou par l'interm\u00e9diaire d'une soci\u00e9t\u00e9 ? Le bon choix pour votre propri\u00e9t\u00e9 espagnole"},"content":{"rendered":"<p>Dans cet \u00e9pisode de <em>Confianz : Apr\u00e8s les heures de travail<\/em> An-Sofie et Glenn discutent de l'une des questions les plus fr\u00e9quemment pos\u00e9es par les entrepreneurs d\u00e9sireux d'acheter une propri\u00e9t\u00e9 en Espagne,<\/p>\n\n\n\n<p>\"Est-ce que j'ach\u00e8te mieux en tant que particulier ou par l'interm\u00e9diaire de mon entreprise ?<\/p>\n\n\n\n<p>Glenn explique \u00e9tape par \u00e9tape quels sont les facteurs d\u00e9cisifs, de l'avantage fiscal \u00e0 la facilit\u00e9 de gestion. Ensemble, ils passent en revue les principales diff\u00e9rences entre un achat priv\u00e9 et un achat par l'interm\u00e9diaire d'une soci\u00e9t\u00e9 espagnole ou belge\/n\u00e9erlandaise.<\/p>\n\n\n\n<p>\u00c9couter via <strong><a href=\"https:\/\/youtu.be\/KgKs1qfPDz8\" target=\"_blank\" data-type=\"link\" data-id=\"https:\/\/youtu.be\/KgKs1qfPDz8\" rel=\"noreferrer noopener\">Youtube<\/a><\/strong>, <strong><a href=\"https:\/\/open.spotify.com\/episode\/6aFOWuDaM76cDyqoESIv9S?si=xJutsv1gRDSu5KzvkIdcAQ\" target=\"_blank\" data-type=\"link\" data-id=\"https:\/\/open.spotify.com\/episode\/6aFOWuDaM76cDyqoESIv9S?si=xJutsv1gRDSu5KzvkIdcAQ\" rel=\"noreferrer noopener\">Spotify<\/a><\/strong> ou <strong><a href=\"https:\/\/podcasts.apple.com\/us\/podcast\/priv%C3%A9-kopen-of-via-de-vennootschap-de-juiste-keuze\/id1819117882?i=1000739808669\" target=\"_blank\" data-type=\"link\" data-id=\"https:\/\/podcasts.apple.com\/us\/podcast\/priv%C3%A9-kopen-of-via-de-vennootschap-de-juiste-keuze\/id1819117882?i=1000739808669\" rel=\"noreferrer noopener\">Apple Podcasts<\/a><\/strong>.<\/p>\n\n\n\n<p>Vous d\u00e9couvrirez, entre autres, que<\/p>\n\n\n\n<ul class=\"wp-block-list\">\n<li>Lorsque l'achat priv\u00e9 est l'option la plus simple et la plus avantageuse sur le plan fiscal<\/li>\n\n\n\n<li>Dans quels cas un partenariat se justifie-t-il (investissement, location, att\u00e9nuation des risques) ?<\/li>\n\n\n\n<li>Quelles sont les implications de la qualification de \"soci\u00e9t\u00e9 patrimoniale\" ?<\/li>\n\n\n\n<li>La constitution et les obligations annuelles d'une soci\u00e9t\u00e9 espagnole<\/li>\n\n\n\n<li>Les r\u00e8gles relatives \u00e0 l'imp\u00f4t sur la fortune et les donations<\/li>\n\n\n\n<li>Et pourquoi la planification de la succession au sein d'une entreprise est souvent moins int\u00e9ressante qu'on ne le pense<\/li>\n<\/ul>\n\n\n\n<p>\ud83d\udca1 Conseils<strong>:<\/strong><\/p>\n\n\n\n<ol class=\"wp-block-list\">\n<li>Plus la structure est simple, mieux c'est.<\/li>\n\n\n\n<li>Utilisation priv\u00e9e ? Achat priv\u00e9. Activit\u00e9 professionnelle ? Uniquement par l'interm\u00e9diaire de l'entreprise.<\/li>\n\n\n\n<li>Demandez toujours l'avis d'un professionnel - chaque situation est diff\u00e9rente.<\/li>\n<\/ol>\n\n\n\n<p>\ud83c\udfa7 <strong>\u00c9couter cet \u00e9pisode de Confianz : After Hours<\/strong> et d\u00e9couvrez la structure qui convient le mieux \u00e0 vos projets immobiliers en Espagne.<\/p>","protected":false},"author":2,"featured_media":33192,"template":"","podcast-onderwerp":[940],"class_list":["post-33191","podcast","type-podcast","status-publish","has-post-thumbnail","hentry","podcast-onderwerp-vastgoed-kopen-in-spanje"],"acf":[],"_links":{"self":[{"href":"https:\/\/www.confianz.be\/fr\/wp-json\/wp\/v2\/podcast\/33191","targetHints":{"allow":["GET"]}}],"collection":[{"href":"https:\/\/www.confianz.be\/fr\/wp-json\/wp\/v2\/podcast"}],"about":[{"href":"https:\/\/www.confianz.be\/fr\/wp-json\/wp\/v2\/types\/podcast"}],"author":[{"embeddable":true,"href":"https:\/\/www.confianz.be\/fr\/wp-json\/wp\/v2\/users\/2"}],"wp:featuredmedia":[{"embeddable":true,"href":"https:\/\/www.confianz.be\/fr\/wp-json\/wp\/v2\/media\/33192"}],"wp:attachment":[{"href":"https:\/\/www.confianz.be\/fr\/wp-json\/wp\/v2\/media?parent=33191"}],"wp:term":[{"taxonomy":"podcast-onderwerp","embeddable":true,"href":"https:\/\/www.confianz.be\/fr\/wp-json\/wp\/v2\/podcast-onderwerp?post=33191"}],"curies":[{"name":"wp","href":"https:\/\/api.w.org\/{rel}","templated":true}]}}